{"id":14284,"date":"2020-01-01T00:00:47","date_gmt":"2020-01-01T00:00:47","guid":{"rendered":"https:\/\/haos-design.com\/?post_type=jetpack-portfolio&#038;p=14284"},"modified":"2024-08-15T11:30:24","modified_gmt":"2024-08-15T11:30:24","slug":"sile-saklikoy-villa","status":"publish","type":"jetpack-portfolio","link":"https:\/\/haos-design.com\/en\/portfolio\/sile-saklikoy-villa\/","title":{"rendered":"\u015eile Sakl\u0131k\u00f6y Villa"},"content":{"rendered":"<div data-elementor-type=\"wp-post\" data-elementor-id=\"14284\" class=\"elementor elementor-14284\">\n\t\t\t\t<div class=\"elementor-element elementor-element-2762a0bc e-flex e-con-boxed e-con e-parent\" data-id=\"2762a0bc\" data-element_type=\"container\">\n\t\t\t\t\t<div class=\"e-con-inner\">\n\t\t\t\t<div class=\"elementor-element elementor-element-2e9f9968 elementor-widget elementor-widget-text-editor\" data-id=\"2e9f9968\" data-element_type=\"widget\" data-widget_type=\"text-editor.default\">\n\t\t\t\t<div class=\"elementor-widget-container\">\n\t\t\t\t\t\t\t\t\t<div class=\"wpb_text_column wpb_content_element\"><div class=\"wpb_wrapper\"><div class=\"vc_row wpb_row vc_row-fluid\"><div class=\"wpb_column vc_column_container vc_col-sm-12\"><div class=\"vc_column-inner\"><div class=\"wpb_wrapper\"><div class=\"wpb_text_column wpb_content_element\"><div class=\"wpb_wrapper\"><div class=\"vc_row wpb_row vc_row-fluid\"><div class=\"wpb_column vc_column_container vc_col-sm-12\"><div class=\"vc_column-inner\"><div class=\"wpb_wrapper\"><div class=\"wpb_text_column wpb_content_element\"><div class=\"wpb_wrapper\"><h3>House Hidden in Green<\/h3><p>Project description : The villa is located 1 hour away from Istanbul, within the site embraced by nature; It has an interior area of 200 m2 and a garden area of 250 m2. It consists of 4 rooms 1 living room, open kitchen, 3 bathrooms, pantry and winter garden. There is also a tiny house and barbecue area in the garden where guests can stay. In its design, it was a simple, serene escape point where multi-use areas were prioritized in its design, but all the needs of the homeowners were met and it could be lived in summer &amp; winter. In the country house, which has a fairytale-like appearance in harmony with nature, we preferred to use 'country and modern' styles together to maintain this effect.<\/p><\/div><\/div><\/div><\/div><\/div><\/div><div class=\"vc_row wpb_row vc_row-fluid\"><div class=\"wpb_column vc_column_container vc_col-sm-12\"><div class=\"vc_column-inner\"><div class=\"wpb_wrapper\"><div class=\"wpb_gallery wpb_content_element vc_clearfix\"><div class=\"wpb_wrapper\"><div class=\"wpb_gallery_slides wpb_flexslider flexslider_fade flexslider\" data-interval=\"3\" data-flex_fx=\"fade\"><p>\u00a0<\/p><\/div><\/div><\/div><\/div><\/div><\/div><\/div><\/div><\/div><\/div><\/div><\/div><\/div><\/div><\/div><p>Year: 2020<\/p><p>Location:Sile \/ Istanbul<\/p><p>Type:Country House \/ SERVICE INTERIOR &amp; GARDEN DESIGN &amp; CONSTRUCTION<\/p><p>Status: Completed <strong>Completed<\/strong><\/p><p>Area: 200 m2 Indoor space 250 m2 Garden<\/p><p>Customer: Z.G.<\/p>\t\t\t\t\t\t\t\t<\/div>\n\t\t\t\t<\/div>\n\t\t\t\t\t<\/div>\n\t\t\t\t<\/div>\n\t\t\t\t<\/div>","protected":false},"excerpt":{"rendered":"<p>Ev Tasar\u0131m\u0131nda End\u00fcstriyel ve Modern Esteti\u011fi Ke\u015ffedin. Bebek\u2019te bulunan 5 katl\u0131 m\u00fcstakil ev 450 m2 i\u00e7 mekan ve 200 m2 bah\u00e7e kullan\u0131m\u0131 olan ev; 4 oda 1 salon,mutfak, 2 wc, 2 banyo, i\u00e7 avlu, \u00f6n ve arka bah\u00e7e ve muhte\u015fem manzalar\u0131 bir teras\u2019tan olu\u015fmakta. Sofistike ve rafine detaylar\u0131n bir araya geldi\u011fi end\u00fcstriyel ve modern stili [&hellip;]<\/p>","protected":false},"author":1,"featured_media":15331,"comment_status":"open","ping_status":"closed","template":"","jetpack-portfolio-type":[27],"jetpack-portfolio-tag":[17],"class_list":["post-14284","jetpack-portfolio","type-jetpack-portfolio","status-publish","has-post-thumbnail","hentry","jetpack-portfolio-type-villa","jetpack-portfolio-tag-portfolio-list-v1"],"acf":[],"yoast_head":"<!-- This site is optimized with the Yoast SEO plugin v26.2 - https:\/\/yoast.com\/wordpress\/plugins\/seo\/ -->\n<title>\u015eile Sakl\u0131k\u00f6y Villa - Haos Design<\/title>\n<meta name=\"robots\" content=\"index, follow, max-snippet:-1, max-image-preview:large, max-video-preview:-1\" \/>\n<link rel=\"canonical\" href=\"https:\/\/haos-design.com\/en\/portfolio\/sile-saklikoy-villa\/\" \/>\n<meta property=\"og:locale\" content=\"en_US\" \/>\n<meta property=\"og:type\" content=\"article\" \/>\n<meta property=\"og:title\" content=\"\u015eile Sakl\u0131k\u00f6y Villa - Haos Design\" \/>\n<meta property=\"og:description\" content=\"Ev Tasar\u0131m\u0131nda End\u00fcstriyel ve Modern Esteti\u011fi Ke\u015ffedin. Bebek\u2019te bulunan 5 katl\u0131 m\u00fcstakil ev 450 m2 i\u00e7 mekan ve 200 m2 bah\u00e7e kullan\u0131m\u0131 olan ev; 4 oda 1 salon,mutfak, 2 wc, 2 banyo, i\u00e7 avlu, \u00f6n ve arka bah\u00e7e ve muhte\u015fem manzalar\u0131 bir teras\u2019tan olu\u015fmakta. Sofistike ve rafine detaylar\u0131n bir araya geldi\u011fi end\u00fcstriyel ve modern stili [&hellip;]\" \/>\n<meta property=\"og:url\" content=\"https:\/\/haos-design.com\/en\/portfolio\/sile-saklikoy-villa\/\" \/>\n<meta property=\"og:site_name\" content=\"Haos Design\" \/>\n<meta property=\"article:modified_time\" content=\"2024-08-15T11:30:24+00:00\" \/>\n<meta property=\"og:image\" content=\"https:\/\/haos-design.com\/wp-content\/uploads\/2024\/08\/sile-saklikoy-villa-25.webp\" \/>\n\t<meta property=\"og:image:width\" content=\"682\" \/>\n\t<meta property=\"og:image:height\" content=\"421\" \/>\n\t<meta property=\"og:image:type\" content=\"image\/webp\" \/>\n<meta name=\"twitter:card\" content=\"summary_large_image\" \/>\n<meta name=\"twitter:label1\" content=\"Est. reading time\" \/>\n\t<meta name=\"twitter:data1\" content=\"1 minute\" \/>\n<script type=\"application\/ld+json\" class=\"yoast-schema-graph\">{\"@context\":\"https:\/\/schema.org\",\"@graph\":[{\"@type\":\"WebPage\",\"@id\":\"https:\/\/haos-design.com\/portfolio\/sile-saklikoy-villa\/\",\"url\":\"https:\/\/haos-design.com\/portfolio\/sile-saklikoy-villa\/\",\"name\":\"\u015eile Sakl\u0131k\u00f6y Villa - Haos Design\",\"isPartOf\":{\"@id\":\"https:\/\/haos-design.com\/#website\"},\"primaryImageOfPage\":{\"@id\":\"https:\/\/haos-design.com\/portfolio\/sile-saklikoy-villa\/#primaryimage\"},\"image\":{\"@id\":\"https:\/\/haos-design.com\/portfolio\/sile-saklikoy-villa\/#primaryimage\"},\"thumbnailUrl\":\"https:\/\/haos-design.com\/wp-content\/uploads\/2024\/08\/sile-saklikoy-villa-25.webp\",\"datePublished\":\"2020-01-01T00:00:47+00:00\",\"dateModified\":\"2024-08-15T11:30:24+00:00\",\"breadcrumb\":{\"@id\":\"https:\/\/haos-design.com\/portfolio\/sile-saklikoy-villa\/#breadcrumb\"},\"inLanguage\":\"en-US\",\"potentialAction\":[{\"@type\":\"ReadAction\",\"target\":[\"https:\/\/haos-design.com\/portfolio\/sile-saklikoy-villa\/\"]}]},{\"@type\":\"ImageObject\",\"inLanguage\":\"en-US\",\"@id\":\"https:\/\/haos-design.com\/portfolio\/sile-saklikoy-villa\/#primaryimage\",\"url\":\"https:\/\/haos-design.com\/wp-content\/uploads\/2024\/08\/sile-saklikoy-villa-25.webp\",\"contentUrl\":\"https:\/\/haos-design.com\/wp-content\/uploads\/2024\/08\/sile-saklikoy-villa-25.webp\",\"width\":682,\"height\":421},{\"@type\":\"BreadcrumbList\",\"@id\":\"https:\/\/haos-design.com\/portfolio\/sile-saklikoy-villa\/#breadcrumb\",\"itemListElement\":[{\"@type\":\"ListItem\",\"position\":1,\"name\":\"Anasayfa\",\"item\":\"https:\/\/haos-design.com\/en\/\"},{\"@type\":\"ListItem\",\"position\":2,\"name\":\"Projects\",\"item\":\"https:\/\/haos-design.com\/portfolio\/\"},{\"@type\":\"ListItem\",\"position\":3,\"name\":\"\u015eile Sakl\u0131k\u00f6y Villa\"}]},{\"@type\":\"WebSite\",\"@id\":\"https:\/\/haos-design.com\/#website\",\"url\":\"https:\/\/haos-design.com\/\",\"name\":\"Haos Design\",\"description\":\"\",\"publisher\":{\"@id\":\"https:\/\/haos-design.com\/#organization\"},\"potentialAction\":[{\"@type\":\"SearchAction\",\"target\":{\"@type\":\"EntryPoint\",\"urlTemplate\":\"https:\/\/haos-design.com\/?s={search_term_string}\"},\"query-input\":{\"@type\":\"PropertyValueSpecification\",\"valueRequired\":true,\"valueName\":\"search_term_string\"}}],\"inLanguage\":\"en-US\"},{\"@type\":\"Organization\",\"@id\":\"https:\/\/haos-design.com\/#organization\",\"name\":\"Haos Design\",\"url\":\"https:\/\/haos-design.com\/\",\"logo\":{\"@type\":\"ImageObject\",\"inLanguage\":\"en-US\",\"@id\":\"https:\/\/haos-design.com\/#\/schema\/logo\/image\/\",\"url\":\"https:\/\/haos-design.com\/wp-content\/uploads\/2024\/08\/cropped-cropped-cropped-LOGO-33-1.png\",\"contentUrl\":\"https:\/\/haos-design.com\/wp-content\/uploads\/2024\/08\/cropped-cropped-cropped-LOGO-33-1.png\",\"width\":472,\"height\":491,\"caption\":\"Haos Design\"},\"image\":{\"@id\":\"https:\/\/haos-design.com\/#\/schema\/logo\/image\/\"}}]}<\/script>\n<!-- \/ Yoast SEO plugin. -->","yoast_head_json":{"title":"\u015eile Sakl\u0131k\u00f6y Villa - Haos Design","robots":{"index":"index","follow":"follow","max-snippet":"max-snippet:-1","max-image-preview":"max-image-preview:large","max-video-preview":"max-video-preview:-1"},"canonical":"https:\/\/haos-design.com\/en\/portfolio\/sile-saklikoy-villa\/","og_locale":"en_US","og_type":"article","og_title":"\u015eile Sakl\u0131k\u00f6y Villa - Haos Design","og_description":"Ev Tasar\u0131m\u0131nda End\u00fcstriyel ve Modern Esteti\u011fi Ke\u015ffedin. Bebek\u2019te bulunan 5 katl\u0131 m\u00fcstakil ev 450 m2 i\u00e7 mekan ve 200 m2 bah\u00e7e kullan\u0131m\u0131 olan ev; 4 oda 1 salon,mutfak, 2 wc, 2 banyo, i\u00e7 avlu, \u00f6n ve arka bah\u00e7e ve muhte\u015fem manzalar\u0131 bir teras\u2019tan olu\u015fmakta. Sofistike ve rafine detaylar\u0131n bir araya geldi\u011fi end\u00fcstriyel ve modern stili [&hellip;]","og_url":"https:\/\/haos-design.com\/en\/portfolio\/sile-saklikoy-villa\/","og_site_name":"Haos Design","article_modified_time":"2024-08-15T11:30:24+00:00","og_image":[{"width":682,"height":421,"url":"https:\/\/haos-design.com\/wp-content\/uploads\/2024\/08\/sile-saklikoy-villa-25.webp","type":"image\/webp"}],"twitter_card":"summary_large_image","twitter_misc":{"Est. reading time":"1 minute"},"schema":{"@context":"https:\/\/schema.org","@graph":[{"@type":"WebPage","@id":"https:\/\/haos-design.com\/portfolio\/sile-saklikoy-villa\/","url":"https:\/\/haos-design.com\/portfolio\/sile-saklikoy-villa\/","name":"\u015eile Sakl\u0131k\u00f6y Villa - Haos Design","isPartOf":{"@id":"https:\/\/haos-design.com\/#website"},"primaryImageOfPage":{"@id":"https:\/\/haos-design.com\/portfolio\/sile-saklikoy-villa\/#primaryimage"},"image":{"@id":"https:\/\/haos-design.com\/portfolio\/sile-saklikoy-villa\/#primaryimage"},"thumbnailUrl":"https:\/\/haos-design.com\/wp-content\/uploads\/2024\/08\/sile-saklikoy-villa-25.webp","datePublished":"2020-01-01T00:00:47+00:00","dateModified":"2024-08-15T11:30:24+00:00","breadcrumb":{"@id":"https:\/\/haos-design.com\/portfolio\/sile-saklikoy-villa\/#breadcrumb"},"inLanguage":"en-US","potentialAction":[{"@type":"ReadAction","target":["https:\/\/haos-design.com\/portfolio\/sile-saklikoy-villa\/"]}]},{"@type":"ImageObject","inLanguage":"en-US","@id":"https:\/\/haos-design.com\/portfolio\/sile-saklikoy-villa\/#primaryimage","url":"https:\/\/haos-design.com\/wp-content\/uploads\/2024\/08\/sile-saklikoy-villa-25.webp","contentUrl":"https:\/\/haos-design.com\/wp-content\/uploads\/2024\/08\/sile-saklikoy-villa-25.webp","width":682,"height":421},{"@type":"BreadcrumbList","@id":"https:\/\/haos-design.com\/portfolio\/sile-saklikoy-villa\/#breadcrumb","itemListElement":[{"@type":"ListItem","position":1,"name":"Anasayfa","item":"https:\/\/haos-design.com\/en\/"},{"@type":"ListItem","position":2,"name":"Projects","item":"https:\/\/haos-design.com\/portfolio\/"},{"@type":"ListItem","position":3,"name":"\u015eile Sakl\u0131k\u00f6y Villa"}]},{"@type":"WebSite","@id":"https:\/\/haos-design.com\/#website","url":"https:\/\/haos-design.com\/","name":"Haos Design","description":"","publisher":{"@id":"https:\/\/haos-design.com\/#organization"},"potentialAction":[{"@type":"SearchAction","target":{"@type":"EntryPoint","urlTemplate":"https:\/\/haos-design.com\/?s={search_term_string}"},"query-input":{"@type":"PropertyValueSpecification","valueRequired":true,"valueName":"search_term_string"}}],"inLanguage":"en-US"},{"@type":"Organization","@id":"https:\/\/haos-design.com\/#organization","name":"Haos Design","url":"https:\/\/haos-design.com\/","logo":{"@type":"ImageObject","inLanguage":"en-US","@id":"https:\/\/haos-design.com\/#\/schema\/logo\/image\/","url":"https:\/\/haos-design.com\/wp-content\/uploads\/2024\/08\/cropped-cropped-cropped-LOGO-33-1.png","contentUrl":"https:\/\/haos-design.com\/wp-content\/uploads\/2024\/08\/cropped-cropped-cropped-LOGO-33-1.png","width":472,"height":491,"caption":"Haos Design"},"image":{"@id":"https:\/\/haos-design.com\/#\/schema\/logo\/image\/"}}]}},"_links":{"self":[{"href":"https:\/\/haos-design.com\/en\/wp-json\/wp\/v2\/jetpack-portfolio\/14284","targetHints":{"allow":["GET"]}}],"collection":[{"href":"https:\/\/haos-design.com\/en\/wp-json\/wp\/v2\/jetpack-portfolio"}],"about":[{"href":"https:\/\/haos-design.com\/en\/wp-json\/wp\/v2\/types\/jetpack-portfolio"}],"author":[{"embeddable":true,"href":"https:\/\/haos-design.com\/en\/wp-json\/wp\/v2\/users\/1"}],"replies":[{"embeddable":true,"href":"https:\/\/haos-design.com\/en\/wp-json\/wp\/v2\/comments?post=14284"}],"version-history":[{"count":5,"href":"https:\/\/haos-design.com\/en\/wp-json\/wp\/v2\/jetpack-portfolio\/14284\/revisions"}],"predecessor-version":[{"id":14289,"href":"https:\/\/haos-design.com\/en\/wp-json\/wp\/v2\/jetpack-portfolio\/14284\/revisions\/14289"}],"wp:featuredmedia":[{"embeddable":true,"href":"https:\/\/haos-design.com\/en\/wp-json\/wp\/v2\/media\/15331"}],"wp:attachment":[{"href":"https:\/\/haos-design.com\/en\/wp-json\/wp\/v2\/media?parent=14284"}],"wp:term":[{"taxonomy":"jetpack-portfolio-type","embeddable":true,"href":"https:\/\/haos-design.com\/en\/wp-json\/wp\/v2\/jetpack-portfolio-type?post=14284"},{"taxonomy":"jetpack-portfolio-tag","embeddable":true,"href":"https:\/\/haos-design.com\/en\/wp-json\/wp\/v2\/jetpack-portfolio-tag?post=14284"}],"curies":[{"name":"wp","href":"https:\/\/api.w.org\/{rel}","templated":true}]}}